{"id":8122,"date":"2022-02-07T10:18:59","date_gmt":"2022-02-07T13:18:59","guid":{"rendered":"http:\/\/10.101.10.196\/www\/?page_id=8122"},"modified":"2022-02-07T10:19:09","modified_gmt":"2022-02-07T13:19:09","slug":"calendario-academico-2021","status":"publish","type":"page","link":"https:\/\/www.fica.unsl.edu.ar\/index.php\/calendario-academico-2021\/","title":{"rendered":"Calendario Acad\u00e9mico 2021"},"content":{"rendered":"\t\t<div data-elementor-type=\"wp-page\" data-elementor-id=\"8122\" class=\"elementor elementor-8122\">\n\t\t\t\t\t\t<section class=\"elementor-section elementor-top-section elementor-element elementor-element-5a33473 elementor-section-boxed elementor-section-height-default elementor-section-height-default\" data-id=\"5a33473\" data-element_type=\"section\" data-e-type=\"section\">\n\t\t\t\t\t\t<div class=\"elementor-container elementor-column-gap-default\">\n\t\t\t\t\t<div class=\"elementor-column elementor-col-100 elementor-top-column elementor-element elementor-element-ec540b5\" data-id=\"ec540b5\" data-element_type=\"column\" data-e-type=\"column\">\n\t\t\t<div class=\"elementor-widget-wrap elementor-element-populated\">\n\t\t\t\t\t\t<div class=\"elementor-element elementor-element-b3e1f24 elementor-align-left elementor-widget elementor-widget-button\" data-id=\"b3e1f24\" data-element_type=\"widget\" data-e-type=\"widget\" data-widget_type=\"button.default\">\n\t\t\t\t<div class=\"elementor-widget-container\">\n\t\t\t\t\t\t\t\t\t<div class=\"elementor-button-wrapper\">\n\t\t\t\t\t<a class=\"elementor-button elementor-button-link elementor-size-sm\" href=\"#\">\n\t\t\t\t\t\t<span class=\"elementor-button-content-wrapper\">\n\t\t\t\t\t\t\t\t\t<span class=\"elementor-button-text\">CALENDARIO ACAD\u00c9MICO\u200b<\/span>\n\t\t\t\t\t<\/span>\n\t\t\t\t\t<\/a>\n\t\t\t\t<\/div>\n\t\t\t\t\t\t\t\t<\/div>\n\t\t\t\t<\/div>\n\t\t\t\t<section class=\"elementor-section elementor-inner-section elementor-element elementor-element-24fa2a6 elementor-section-boxed elementor-section-height-default elementor-section-height-default\" data-id=\"24fa2a6\" data-element_type=\"section\" data-e-type=\"section\">\n\t\t\t\t\t\t<div class=\"elementor-container elementor-column-gap-default\">\n\t\t\t\t\t<div class=\"elementor-column elementor-col-25 elementor-inner-column elementor-element elementor-element-5b917df\" data-id=\"5b917df\" data-element_type=\"column\" data-e-type=\"column\">\n\t\t\t<div class=\"elementor-widget-wrap\">\n\t\t\t\t\t\t\t<\/div>\n\t\t<\/div>\n\t\t\t\t<div class=\"elementor-column elementor-col-25 elementor-inner-column elementor-element elementor-element-b7d4e74\" data-id=\"b7d4e74\" data-element_type=\"column\" data-e-type=\"column\">\n\t\t\t<div class=\"elementor-widget-wrap elementor-element-populated\">\n\t\t\t\t\t\t<div class=\"elementor-element elementor-element-5f1a942 elementor-button-info elementor-widget elementor-widget-button\" data-id=\"5f1a942\" data-element_type=\"widget\" data-e-type=\"widget\" data-widget_type=\"button.default\">\n\t\t\t\t<div class=\"elementor-widget-container\">\n\t\t\t\t\t\t\t\t\t<div class=\"elementor-button-wrapper\">\n\t\t\t\t\t<a class=\"elementor-button elementor-button-link elementor-size-sm elementor-animation-pulse-grow\" href=\"https:\/\/www.fica.unsl.edu.ar\/index.php\/cal_academico_2020\/\">\n\t\t\t\t\t\t<span class=\"elementor-button-content-wrapper\">\n\t\t\t\t\t\t\t\t\t<span class=\"elementor-button-text\">Ver Calendario 2020<\/span>\n\t\t\t\t\t<\/span>\n\t\t\t\t\t<\/a>\n\t\t\t\t<\/div>\n\t\t\t\t\t\t\t\t<\/div>\n\t\t\t\t<\/div>\n\t\t\t\t\t<\/div>\n\t\t<\/div>\n\t\t\t\t<div class=\"elementor-column elementor-col-25 elementor-inner-column elementor-element elementor-element-1021882\" data-id=\"1021882\" data-element_type=\"column\" data-e-type=\"column\">\n\t\t\t<div class=\"elementor-widget-wrap elementor-element-populated\">\n\t\t\t\t\t\t<div class=\"elementor-element elementor-element-99b5c0e elementor-button-info elementor-align-right elementor-widget elementor-widget-button\" data-id=\"99b5c0e\" data-element_type=\"widget\" data-e-type=\"widget\" data-widget_type=\"button.default\">\n\t\t\t\t<div class=\"elementor-widget-container\">\n\t\t\t\t\t\t\t\t\t<div class=\"elementor-button-wrapper\">\n\t\t\t\t\t<a class=\"elementor-button elementor-button-link elementor-size-sm elementor-animation-pulse-grow\" href=\"https:\/\/www.fica.unsl.edu.ar\/archivos\/reglamentaciones\/RR1404-20.pdf\" target=\"_blank\">\n\t\t\t\t\t\t<span class=\"elementor-button-content-wrapper\">\n\t\t\t\t\t\t\t\t\t<span class=\"elementor-button-text\">Resoluci\u00f3n Rectoral N\u00ba 1404\/20<\/span>\n\t\t\t\t\t<\/span>\n\t\t\t\t\t<\/a>\n\t\t\t\t<\/div>\n\t\t\t\t\t\t\t\t<\/div>\n\t\t\t\t<\/div>\n\t\t\t\t\t<\/div>\n\t\t<\/div>\n\t\t\t\t<div class=\"elementor-column elementor-col-25 elementor-inner-column elementor-element elementor-element-fb7b0cd\" data-id=\"fb7b0cd\" data-element_type=\"column\" data-e-type=\"column\">\n\t\t\t<div class=\"elementor-widget-wrap\">\n\t\t\t\t\t\t\t<\/div>\n\t\t<\/div>\n\t\t\t\t\t<\/div>\n\t\t<\/section>\n\t\t\t\t<section class=\"elementor-section elementor-inner-section elementor-element elementor-element-2908c5d elementor-section-boxed elementor-section-height-default elementor-section-height-default\" data-id=\"2908c5d\" data-element_type=\"section\" data-e-type=\"section\">\n\t\t\t\t\t\t<div class=\"elementor-container elementor-column-gap-default\">\n\t\t\t\t\t<div class=\"elementor-column elementor-col-50 elementor-inner-column elementor-element elementor-element-a83a122\" data-id=\"a83a122\" data-element_type=\"column\" data-e-type=\"column\">\n\t\t\t<div class=\"elementor-widget-wrap elementor-element-populated\">\n\t\t\t\t\t\t<div class=\"elementor-element elementor-element-b1c4c89 elementor-widget elementor-widget-image\" data-id=\"b1c4c89\" data-element_type=\"widget\" data-e-type=\"widget\" data-widget_type=\"image.default\">\n\t\t\t\t<div class=\"elementor-widget-container\">\n\t\t\t\t\t\t\t\t\t\t\t\t\t\t\t\t<a href=\"https:\/\/www.fica.unsl.edu.ar\/wp-content\/uploads\/2021\/08\/CalendarioUNSL2021.png\" data-elementor-open-lightbox=\"yes\" data-elementor-lightbox-title=\"CalendarioUNSL2021\" data-e-action-hash=\"#elementor-action%3Aaction%3Dlightbox%26settings%3DeyJpZCI6NjEzOSwidXJsIjoiaHR0cHM6XC9cL3d3dy5maWNhLnVuc2wuZWR1LmFyXC93cC1jb250ZW50XC91cGxvYWRzXC8yMDIxXC8wOFwvQ2FsZW5kYXJpb1VOU0wyMDIxLnBuZyJ9\">\n\t\t\t\t\t\t\t<img fetchpriority=\"high\" decoding=\"async\" width=\"768\" height=\"992\" src=\"https:\/\/www.fica.unsl.edu.ar\/wp-content\/uploads\/2021\/08\/CalendarioUNSL2021-768x992.png\" class=\"attachment-medium_large size-medium_large wp-image-6139\" alt=\"\" srcset=\"https:\/\/www.fica.unsl.edu.ar\/wp-content\/uploads\/2021\/08\/CalendarioUNSL2021-768x992.png 768w, https:\/\/www.fica.unsl.edu.ar\/wp-content\/uploads\/2021\/08\/CalendarioUNSL2021-232x300.png 232w, https:\/\/www.fica.unsl.edu.ar\/wp-content\/uploads\/2021\/08\/CalendarioUNSL2021-793x1024.png 793w, https:\/\/www.fica.unsl.edu.ar\/wp-content\/uploads\/2021\/08\/CalendarioUNSL2021-1189x1536.png 1189w, https:\/\/www.fica.unsl.edu.ar\/wp-content\/uploads\/2021\/08\/CalendarioUNSL2021-1585x2048.png 1585w\" sizes=\"(max-width: 768px) 100vw, 768px\" \/>\t\t\t\t\t\t\t\t<\/a>\n\t\t\t\t\t\t\t\t\t\t\t\t\t\t\t<\/div>\n\t\t\t\t<\/div>\n\t\t\t\t<div class=\"elementor-element elementor-element-2758dcd elementor-widget elementor-widget-text-editor\" data-id=\"2758dcd\" data-element_type=\"widget\" data-e-type=\"widget\" data-widget_type=\"text-editor.default\">\n\t\t\t\t<div class=\"elementor-widget-container\">\n\t\t\t\t\t\t\t\t\t<p style=\"text-align: center;\"><strong>(Clic en la imagen para ampliar)<\/strong><\/p>\t\t\t\t\t\t\t\t<\/div>\n\t\t\t\t<\/div>\n\t\t\t\t\t<\/div>\n\t\t<\/div>\n\t\t\t\t<div class=\"elementor-column elementor-col-50 elementor-inner-column elementor-element elementor-element-f13b7ce\" data-id=\"f13b7ce\" data-element_type=\"column\" data-e-type=\"column\">\n\t\t\t<div class=\"elementor-widget-wrap elementor-element-populated\">\n\t\t\t\t\t\t<div class=\"elementor-element elementor-element-26eeb57 elementor-widget elementor-widget-text-editor\" data-id=\"26eeb57\" data-element_type=\"widget\" data-e-type=\"widget\" data-widget_type=\"text-editor.default\">\n\t\t\t\t<div class=\"elementor-widget-container\">\n\t\t\t\t\t\t\t\t\t<p>A trav\u00e9s de la resoluci\u00f3n rectoral N\u00ba 1404\/20 se estableci\u00f3 el Calendario correspondiente al ciclo lectivo 2021 para la Universidad Nacional de San Luis (UNSL). Dada la situaci\u00f3n sanitaria existente resultante de la pandemia por Covid-19 y en virtud de que la misma continuar\u00e1 en 2021, no resulta factible y oportuno definir de manera completa el calendario de actividades acad\u00e9micas.<\/p><p align=\"justify\">Se propuso a los efectos de organizar la actividad acad\u00e9mica la fecha de iniciaci\u00f3n y finalizaci\u00f3n del primer cuatrimestre y las fechas de los primeros turnos de ex\u00e1menes con car\u00e1cter general.<\/p><p>A los fines de una mejor organizaci\u00f3n y log\u00edstica, teniendo en cuenta la situaci\u00f3n sanitaria, se prev\u00e9n dos (2) semanas para cada turno de examen, quedando a criterio de necesidad de cada Unidad Acad\u00e9mica, definir qu\u00e9 semana destinar\u00e1 a tal fin.<\/p><p><span style=\"color: var( --e-global-color-text ); font-weight: var( --e-global-typography-text-font-weight );\">A partir del mes de febrero de 2021, y en virtud de la situaci\u00f3n epidemiol\u00f3gica y de las adecuaciones administrativas requeridas, se definir\u00e1n los turnos especiales y todo lo referente al segundo cuatrimestre.<\/span><\/p>\t\t\t\t\t\t\t\t<\/div>\n\t\t\t\t<\/div>\n\t\t\t\t\t<\/div>\n\t\t<\/div>\n\t\t\t\t\t<\/div>\n\t\t<\/section>\n\t\t\t\t<div class=\"elementor-element elementor-element-f4b1baf elementor-widget elementor-widget-text-editor\" data-id=\"f4b1baf\" data-element_type=\"widget\" data-e-type=\"widget\" data-widget_type=\"text-editor.default\">\n\t\t\t\t<div class=\"elementor-widget-container\">\n\t\t\t\t\t\t\t\t\t<p>En cuanto al calendario en general, el mismo se encuadra en la legislaci\u00f3n vigente, Ley N\u00ba 27.399, r\u00e9gimen de feriados nacionales, d\u00edas no laborables y feriados con fines tur\u00edsticos, y en un todo de acuerdo a las normativas vigentes de la UNSL.<\/p><p>A los fines del inicio de actividades se considera lo normado por Ordenanza N\u00ba 18\/10 del Consejo Superior.<\/p><p>De este modo, el\u00a0<strong>calendario acad\u00e9mico parcial correspondiente al ciclo lectivo 2021<\/strong>\u00a0para la Instituci\u00f3n queda dispuesto de la siguiente manera:<\/p><ul><li><span style=\"font-family: Gotham, Helvetica Neue, Helvetica, Arial, sans-serif;\">Receso estival: del 2 al 31 de enero<\/span><\/li><li><span style=\"font-family: Gotham, Helvetica Neue, Helvetica, Arial, sans-serif;\">Inicio de actividades anuales: 11 de febrero<\/span><\/li><li><span style=\"font-family: Gotham, Helvetica Neue, Helvetica, Arial, sans-serif;\">Finalizaci\u00f3n de actividades anuales: 30 de diciembre<\/span><\/li><li><span style=\"font-family: Gotham, Helvetica Neue, Helvetica, Arial, sans-serif;\">Receso invernal: del 12 al 23 de julio<\/span><\/li><\/ul><p><span style=\"font-family: Gotham, Helvetica Neue, Helvetica, Arial, sans-serif;\"><br \/><strong>Distribuci\u00f3n de actividades acad\u00e9micas:<\/strong><br \/><\/span><\/p><ul><li><span style=\"font-family: Gotham, Helvetica Neue, Helvetica, Arial, sans-serif;\">I- Cuatrimestres<\/span><\/li><li><span style=\"font-family: Gotham, Helvetica Neue, Helvetica, Arial, sans-serif;\">Primero: del 5 de abril al 8 de julio (15 semanas)<\/span><\/li><li><span style=\"font-family: Gotham, Helvetica Neue, Helvetica, Arial, sans-serif;\">II- Turnos de ex\u00e1menes<\/span><\/li><\/ul><p><span style=\"font-family: Gotham, Helvetica Neue, Helvetica, Arial, sans-serif;\"><br \/><strong>Turnos Generale:<\/strong>\u00a0Febrero-marzo<\/span><\/p><ul><li><span style=\"font-family: Gotham, Helvetica Neue, Helvetica, Arial, sans-serif;\">Primer llamado: del 22 de febrero al 5 de marzo<\/span><\/li><li><span style=\"font-family: Gotham, Helvetica Neue, Helvetica, Arial, sans-serif;\">Segundo llamado: del 22 de marzo al 2 de abril<\/span><\/li><\/ul><p><span style=\"font-family: Gotham, Helvetica Neue, Helvetica, Arial, sans-serif;\"><br \/>Conforme a legislaci\u00f3n nacional, provincial e institucional, se respetar\u00e1n los siguientes feriados,\u00a0<strong>d\u00edas no laborables y feriados con fines tur\u00edsticos:<\/strong><br \/><\/span><\/p><ul><li><span style=\"font-family: Gotham, Helvetica Neue, Helvetica, Arial, sans-serif;\">1 de enero: A\u00f1o nuevo<\/span><\/li><li><span style=\"font-family: Gotham, Helvetica Neue, Helvetica, Arial, sans-serif;\">15 y 16 de febrero: Carnaval<\/span><\/li><li><span style=\"font-family: Gotham, Helvetica Neue, Helvetica, Arial, sans-serif;\">24 de marzo: D\u00eda Nacional de la Memoria por la Verdad y la Justicia<\/span><\/li><li><span style=\"font-family: Gotham, Helvetica Neue, Helvetica, Arial, sans-serif;\">1 de abril: Jueves Santo (No laborable)<\/span><\/li><li><span style=\"font-family: Gotham, Helvetica Neue, Helvetica, Arial, sans-serif;\">2 de abril: Viernes Santo \/ D\u00eda del Veterano y de los Ca\u00eddos en la Guerra de Malvinas<\/span><\/li><li><span style=\"font-family: Gotham, Helvetica Neue, Helvetica, Arial, sans-serif;\">1 de mayo: D\u00eda del Trabajador<\/span><\/li><li><span style=\"font-family: Gotham, Helvetica Neue, Helvetica, Arial, sans-serif;\">3 de mayo: Cristo de La Quebrada<\/span><\/li><li><span style=\"font-family: Gotham, Helvetica Neue, Helvetica, Arial, sans-serif;\">10 de mayo: D\u00eda de la Universidad Nacional de San Luis (No laborable para la UNSL)<\/span><\/li><li><span style=\"font-family: Gotham, Helvetica Neue, Helvetica, Arial, sans-serif;\">24 de mayo: Feriado con fines tur\u00edsticos<\/span><\/li><li><span style=\"font-family: Gotham, Helvetica Neue, Helvetica, Arial, sans-serif;\">25 de mayo: D\u00eda de la Revoluci\u00f3n de Mayo<\/span><\/li><li><span style=\"font-family: Gotham, Helvetica Neue, Helvetica, Arial, sans-serif;\">20 de junio: Paso a la Inmortalidad del General Manuel Belgrano<\/span><\/li><li><span style=\"font-family: Gotham, Helvetica Neue, Helvetica, Arial, sans-serif;\">21 de junio: Paso a la Inmortalidad del General Mart\u00edn Miguel de G\u00fcemes (Se traslada del 17)<\/span><\/li><li><span style=\"font-family: Gotham, Helvetica Neue, Helvetica, Arial, sans-serif;\">9 de julio: D\u00eda de la Independencia<\/span><\/li><li><span style=\"font-family: Gotham, Helvetica Neue, Helvetica, Arial, sans-serif;\">16 de agosto: Paso a la Inmortalidad del General Jos\u00e9 de San Mart\u00edn (Se traslada del 17)<\/span><\/li><li><span style=\"font-family: Gotham, Helvetica Neue, Helvetica, Arial, sans-serif;\">25 de agosto: D\u00eda de San Luis Rey de Francia<\/span><\/li><li><span style=\"font-family: Gotham, Helvetica Neue, Helvetica, Arial, sans-serif;\">8 de octubre: Feriado con fines tur\u00edsticos<\/span><\/li><li><span style=\"font-family: Gotham, Helvetica Neue, Helvetica, Arial, sans-serif;\">11 de octubre: D\u00eda del Respeto a la Diversidad Cultural (Se traslada del 12)<\/span><\/li><li><span style=\"font-family: Gotham, Helvetica Neue, Helvetica, Arial, sans-serif;\">20 de noviembre: D\u00eda de la Soberan\u00eda Nacional<\/span><\/li><li><span style=\"font-family: Gotham, Helvetica Neue, Helvetica, Arial, sans-serif;\">22 de noviembre: Feriado con fines tur\u00edsticos<\/span><\/li><li><span style=\"font-family: Gotham, Helvetica Neue, Helvetica, Arial, sans-serif;\">8 de diciembre: D\u00eda de la Inmaculada Concepci\u00f3n de Mar\u00eda<\/span><\/li><li><span style=\"font-family: Gotham, Helvetica Neue, Helvetica, Arial, sans-serif;\">25 de diciembre: Navidad<\/span><\/li><\/ul><p><span style=\"font-family: Gotham, Helvetica Neue, Helvetica, Arial, sans-serif;\">D\u00edas no laborables por claustro<br \/><\/span><\/p><ul><li><span style=\"font-family: Gotham, Helvetica Neue, Helvetica, Arial, sans-serif;\">11 de septiembre: D\u00eda del Docente de la UNSL (RCS N\u00ba 142\/11)<\/span><\/li><li><span style=\"font-family: Gotham, Helvetica Neue, Helvetica, Arial, sans-serif;\">21 de septiembre: D\u00eda del Estudiante<\/span><\/li><li><span style=\"font-family: Gotham, Helvetica Neue, Helvetica, Arial, sans-serif;\">26 de noviembre: D\u00eda del Nodocente<\/span><\/li><\/ul>\t\t\t\t\t\t\t\t<\/div>\n\t\t\t\t<\/div>\n\t\t\t\t\t<\/div>\n\t\t<\/div>\n\t\t\t\t\t<\/div>\n\t\t<\/section>\n\t\t\t\t<\/div>\n\t\t","protected":false},"excerpt":{"rendered":"<p>CALENDARIO ACAD\u00c9MICO\u200b Ver Calendario 2020 Resoluci\u00f3n Rectoral N\u00ba 1404\/20 (Clic en la imagen para ampliar) A trav\u00e9s de la resoluci\u00f3n rectoral N\u00ba 1404\/20 se estableci\u00f3&hellip;<\/p>\n","protected":false},"author":9,"featured_media":0,"parent":0,"menu_order":0,"comment_status":"closed","ping_status":"closed","template":"","meta":{"_monsterinsights_skip_tracking":false,"_monsterinsights_sitenote_active":false,"_monsterinsights_sitenote_note":"","_monsterinsights_sitenote_category":0,"_joinchat":[],"footnotes":""},"class_list":["post-8122","page","type-page","status-publish","hentry"],"yoast_head":"<!-- This site is optimized with the Yoast SEO plugin v27.4 - https:\/\/yoast.com\/product\/yoast-seo-wordpress\/ -->\n<title>Calendario Acad\u00e9mico 2021 - Facultad de Ingenier\u00eda y Ciencias Agropecuarias<\/title>\n<meta name=\"robots\" content=\"index, follow, max-snippet:-1, max-image-preview:large, max-video-preview:-1\" \/>\n<link rel=\"canonical\" href=\"https:\/\/www.fica.unsl.edu.ar\/index.php\/calendario-academico-2021\/\" \/>\n<meta property=\"og:locale\" content=\"es_ES\" \/>\n<meta property=\"og:type\" content=\"article\" \/>\n<meta property=\"og:title\" content=\"Calendario Acad\u00e9mico 2021 - Facultad de Ingenier\u00eda y Ciencias Agropecuarias\" \/>\n<meta property=\"og:description\" content=\"CALENDARIO ACAD\u00c9MICO\u200b Ver Calendario 2020 Resoluci\u00f3n Rectoral N\u00ba 1404\/20 (Clic en la imagen para ampliar) A trav\u00e9s de la resoluci\u00f3n rectoral N\u00ba 1404\/20 se estableci\u00f3&hellip;\" \/>\n<meta property=\"og:url\" content=\"https:\/\/www.fica.unsl.edu.ar\/index.php\/calendario-academico-2021\/\" \/>\n<meta property=\"og:site_name\" content=\"Facultad de Ingenier\u00eda y Ciencias Agropecuarias\" \/>\n<meta property=\"article:publisher\" content=\"https:\/\/www.facebook.com\/FICA.UNSL\/\" \/>\n<meta property=\"article:modified_time\" content=\"2022-02-07T13:19:09+00:00\" \/>\n<meta property=\"og:image\" content=\"https:\/\/www.fica.unsl.edu.ar\/wp-content\/uploads\/2021\/08\/CalendarioUNSL2021-768x992.png\" \/>\n<meta name=\"twitter:card\" content=\"summary_large_image\" \/>\n<meta name=\"twitter:site\" content=\"@FICAUNSL\" \/>\n<meta name=\"twitter:label1\" content=\"Tiempo de lectura\" \/>\n\t<meta name=\"twitter:data1\" content=\"3 minutos\" \/>\n<script type=\"application\/ld+json\" class=\"yoast-schema-graph\">{\"@context\":\"https:\\\/\\\/schema.org\",\"@graph\":[{\"@type\":\"WebPage\",\"@id\":\"https:\\\/\\\/www.fica.unsl.edu.ar\\\/index.php\\\/calendario-academico-2021\\\/\",\"url\":\"https:\\\/\\\/www.fica.unsl.edu.ar\\\/index.php\\\/calendario-academico-2021\\\/\",\"name\":\"Calendario Acad\u00e9mico 2021 - Facultad de Ingenier\u00eda y Ciencias Agropecuarias\",\"isPartOf\":{\"@id\":\"https:\\\/\\\/www.fica.unsl.edu.ar\\\/#website\"},\"primaryImageOfPage\":{\"@id\":\"https:\\\/\\\/www.fica.unsl.edu.ar\\\/index.php\\\/calendario-academico-2021\\\/#primaryimage\"},\"image\":{\"@id\":\"https:\\\/\\\/www.fica.unsl.edu.ar\\\/index.php\\\/calendario-academico-2021\\\/#primaryimage\"},\"thumbnailUrl\":\"https:\\\/\\\/www.fica.unsl.edu.ar\\\/wp-content\\\/uploads\\\/2021\\\/08\\\/CalendarioUNSL2021-768x992.png\",\"datePublished\":\"2022-02-07T13:18:59+00:00\",\"dateModified\":\"2022-02-07T13:19:09+00:00\",\"inLanguage\":\"es-AR\",\"potentialAction\":[{\"@type\":\"ReadAction\",\"target\":[\"https:\\\/\\\/www.fica.unsl.edu.ar\\\/index.php\\\/calendario-academico-2021\\\/\"]}]},{\"@type\":\"ImageObject\",\"inLanguage\":\"es-AR\",\"@id\":\"https:\\\/\\\/www.fica.unsl.edu.ar\\\/index.php\\\/calendario-academico-2021\\\/#primaryimage\",\"url\":\"https:\\\/\\\/www.fica.unsl.edu.ar\\\/wp-content\\\/uploads\\\/2021\\\/08\\\/CalendarioUNSL2021.png\",\"contentUrl\":\"https:\\\/\\\/www.fica.unsl.edu.ar\\\/wp-content\\\/uploads\\\/2021\\\/08\\\/CalendarioUNSL2021.png\",\"width\":2438,\"height\":3150},{\"@type\":\"WebSite\",\"@id\":\"https:\\\/\\\/www.fica.unsl.edu.ar\\\/#website\",\"url\":\"https:\\\/\\\/www.fica.unsl.edu.ar\\\/\",\"name\":\"Facultad de Ingenier\u00eda y Ciencias Agropecuarias\",\"description\":\"\",\"publisher\":{\"@id\":\"https:\\\/\\\/www.fica.unsl.edu.ar\\\/#organization\"},\"potentialAction\":[{\"@type\":\"SearchAction\",\"target\":{\"@type\":\"EntryPoint\",\"urlTemplate\":\"https:\\\/\\\/www.fica.unsl.edu.ar\\\/?s={search_term_string}\"},\"query-input\":{\"@type\":\"PropertyValueSpecification\",\"valueRequired\":true,\"valueName\":\"search_term_string\"}}],\"inLanguage\":\"es-AR\"},{\"@type\":\"Organization\",\"@id\":\"https:\\\/\\\/www.fica.unsl.edu.ar\\\/#organization\",\"name\":\"Facultad de Ingenier\u00eda y Ciencias Agropecuarias\",\"url\":\"https:\\\/\\\/www.fica.unsl.edu.ar\\\/\",\"logo\":{\"@type\":\"ImageObject\",\"inLanguage\":\"es-AR\",\"@id\":\"https:\\\/\\\/www.fica.unsl.edu.ar\\\/#\\\/schema\\\/logo\\\/image\\\/\",\"url\":\"https:\\\/\\\/www.fica.unsl.edu.ar\\\/wp-content\\\/uploads\\\/2021\\\/03\\\/LOGO-1.jpg\",\"contentUrl\":\"https:\\\/\\\/www.fica.unsl.edu.ar\\\/wp-content\\\/uploads\\\/2021\\\/03\\\/LOGO-1.jpg\",\"width\":463,\"height\":145,\"caption\":\"Facultad de Ingenier\u00eda y Ciencias Agropecuarias\"},\"image\":{\"@id\":\"https:\\\/\\\/www.fica.unsl.edu.ar\\\/#\\\/schema\\\/logo\\\/image\\\/\"},\"sameAs\":[\"https:\\\/\\\/www.facebook.com\\\/FICA.UNSL\\\/\",\"https:\\\/\\\/x.com\\\/FICAUNSL\",\"https:\\\/\\\/www.instagram.com\\\/fica.unsl\\\/\",\"https:\\\/\\\/www.youtube.com\\\/channel\\\/UCs2MM53gb2PyBrMySdtWZDQ\"]}]}<\/script>\n<!-- \/ Yoast SEO plugin. -->","yoast_head_json":{"title":"Calendario Acad\u00e9mico 2021 - Facultad de Ingenier\u00eda y Ciencias Agropecuarias","robots":{"index":"index","follow":"follow","max-snippet":"max-snippet:-1","max-image-preview":"max-image-preview:large","max-video-preview":"max-video-preview:-1"},"canonical":"https:\/\/www.fica.unsl.edu.ar\/index.php\/calendario-academico-2021\/","og_locale":"es_ES","og_type":"article","og_title":"Calendario Acad\u00e9mico 2021 - Facultad de Ingenier\u00eda y Ciencias Agropecuarias","og_description":"CALENDARIO ACAD\u00c9MICO\u200b Ver Calendario 2020 Resoluci\u00f3n Rectoral N\u00ba 1404\/20 (Clic en la imagen para ampliar) A trav\u00e9s de la resoluci\u00f3n rectoral N\u00ba 1404\/20 se estableci\u00f3&hellip;","og_url":"https:\/\/www.fica.unsl.edu.ar\/index.php\/calendario-academico-2021\/","og_site_name":"Facultad de Ingenier\u00eda y Ciencias Agropecuarias","article_publisher":"https:\/\/www.facebook.com\/FICA.UNSL\/","article_modified_time":"2022-02-07T13:19:09+00:00","og_image":[{"url":"https:\/\/www.fica.unsl.edu.ar\/wp-content\/uploads\/2021\/08\/CalendarioUNSL2021-768x992.png","type":"","width":"","height":""}],"twitter_card":"summary_large_image","twitter_site":"@FICAUNSL","twitter_misc":{"Tiempo de lectura":"3 minutos"},"schema":{"@context":"https:\/\/schema.org","@graph":[{"@type":"WebPage","@id":"https:\/\/www.fica.unsl.edu.ar\/index.php\/calendario-academico-2021\/","url":"https:\/\/www.fica.unsl.edu.ar\/index.php\/calendario-academico-2021\/","name":"Calendario Acad\u00e9mico 2021 - Facultad de Ingenier\u00eda y Ciencias Agropecuarias","isPartOf":{"@id":"https:\/\/www.fica.unsl.edu.ar\/#website"},"primaryImageOfPage":{"@id":"https:\/\/www.fica.unsl.edu.ar\/index.php\/calendario-academico-2021\/#primaryimage"},"image":{"@id":"https:\/\/www.fica.unsl.edu.ar\/index.php\/calendario-academico-2021\/#primaryimage"},"thumbnailUrl":"https:\/\/www.fica.unsl.edu.ar\/wp-content\/uploads\/2021\/08\/CalendarioUNSL2021-768x992.png","datePublished":"2022-02-07T13:18:59+00:00","dateModified":"2022-02-07T13:19:09+00:00","inLanguage":"es-AR","potentialAction":[{"@type":"ReadAction","target":["https:\/\/www.fica.unsl.edu.ar\/index.php\/calendario-academico-2021\/"]}]},{"@type":"ImageObject","inLanguage":"es-AR","@id":"https:\/\/www.fica.unsl.edu.ar\/index.php\/calendario-academico-2021\/#primaryimage","url":"https:\/\/www.fica.unsl.edu.ar\/wp-content\/uploads\/2021\/08\/CalendarioUNSL2021.png","contentUrl":"https:\/\/www.fica.unsl.edu.ar\/wp-content\/uploads\/2021\/08\/CalendarioUNSL2021.png","width":2438,"height":3150},{"@type":"WebSite","@id":"https:\/\/www.fica.unsl.edu.ar\/#website","url":"https:\/\/www.fica.unsl.edu.ar\/","name":"Facultad de Ingenier\u00eda y Ciencias Agropecuarias","description":"","publisher":{"@id":"https:\/\/www.fica.unsl.edu.ar\/#organization"},"potentialAction":[{"@type":"SearchAction","target":{"@type":"EntryPoint","urlTemplate":"https:\/\/www.fica.unsl.edu.ar\/?s={search_term_string}"},"query-input":{"@type":"PropertyValueSpecification","valueRequired":true,"valueName":"search_term_string"}}],"inLanguage":"es-AR"},{"@type":"Organization","@id":"https:\/\/www.fica.unsl.edu.ar\/#organization","name":"Facultad de Ingenier\u00eda y Ciencias Agropecuarias","url":"https:\/\/www.fica.unsl.edu.ar\/","logo":{"@type":"ImageObject","inLanguage":"es-AR","@id":"https:\/\/www.fica.unsl.edu.ar\/#\/schema\/logo\/image\/","url":"https:\/\/www.fica.unsl.edu.ar\/wp-content\/uploads\/2021\/03\/LOGO-1.jpg","contentUrl":"https:\/\/www.fica.unsl.edu.ar\/wp-content\/uploads\/2021\/03\/LOGO-1.jpg","width":463,"height":145,"caption":"Facultad de Ingenier\u00eda y Ciencias Agropecuarias"},"image":{"@id":"https:\/\/www.fica.unsl.edu.ar\/#\/schema\/logo\/image\/"},"sameAs":["https:\/\/www.facebook.com\/FICA.UNSL\/","https:\/\/x.com\/FICAUNSL","https:\/\/www.instagram.com\/fica.unsl\/","https:\/\/www.youtube.com\/channel\/UCs2MM53gb2PyBrMySdtWZDQ"]}]}},"_links":{"self":[{"href":"https:\/\/www.fica.unsl.edu.ar\/index.php\/wp-json\/wp\/v2\/pages\/8122","targetHints":{"allow":["GET"]}}],"collection":[{"href":"https:\/\/www.fica.unsl.edu.ar\/index.php\/wp-json\/wp\/v2\/pages"}],"about":[{"href":"https:\/\/www.fica.unsl.edu.ar\/index.php\/wp-json\/wp\/v2\/types\/page"}],"author":[{"embeddable":true,"href":"https:\/\/www.fica.unsl.edu.ar\/index.php\/wp-json\/wp\/v2\/users\/9"}],"replies":[{"embeddable":true,"href":"https:\/\/www.fica.unsl.edu.ar\/index.php\/wp-json\/wp\/v2\/comments?post=8122"}],"version-history":[{"count":1,"href":"https:\/\/www.fica.unsl.edu.ar\/index.php\/wp-json\/wp\/v2\/pages\/8122\/revisions"}],"predecessor-version":[{"id":8123,"href":"https:\/\/www.fica.unsl.edu.ar\/index.php\/wp-json\/wp\/v2\/pages\/8122\/revisions\/8123"}],"wp:attachment":[{"href":"https:\/\/www.fica.unsl.edu.ar\/index.php\/wp-json\/wp\/v2\/media?parent=8122"}],"curies":[{"name":"wp","href":"https:\/\/api.w.org\/{rel}","templated":true}]}}